{"id":387,"date":"2021-09-13T07:42:37","date_gmt":"2021-09-13T07:42:37","guid":{"rendered":"https:\/\/klassefueralle.uni-ak.ac.at\/?page_id=387"},"modified":"2026-02-11T11:03:22","modified_gmt":"2026-02-11T09:03:22","slug":"anmeldung","status":"publish","type":"page","link":"https:\/\/klassefueralle.uni-ak.ac.at\/?page_id=387","title":{"rendered":"INFO DE"},"content":{"rendered":"\n<div class=\"wp-block-buttons alignfull is-horizontal is-content-justification-center is-layout-flex wp-container-core-buttons-is-layout-499968f5 wp-block-buttons-is-layout-flex\">\n<div class=\"wp-block-button is-style-fill\"><a class=\"wp-block-button__link has-primary-color has-background-background-color has-text-color has-background wp-element-button\" href=\"https:\/\/klassefueralle.uni-ak.ac.at\/\">\u00fcber kfA<\/a><\/div>\n\n\n\n<div class=\"wp-block-button\"><a class=\"wp-block-button__link has-background-background-color has-text-color has-background wp-element-button\" href=\"https:\/\/klassefueralle.uni-ak.ac.at\/?page_id=1554\" style=\"color:#fc2828\">kalender<\/a><\/div>\n\n\n\n<div class=\"wp-block-button\"><a class=\"wp-block-button__link has-background-background-color has-text-color has-background wp-element-button\" href=\"https:\/\/klassefueralle.uni-ak.ac.at\/?page_id=7636\" style=\"color:#29d639\">kompost tage<\/a><\/div>\n\n\n\n<div class=\"wp-block-button\"><a class=\"wp-block-button__link has-background-background-color has-text-color has-background wp-element-button\" href=\"https:\/\/klassefueralle.uni-ak.ac.at\/?page_id=9257\" style=\"color:#ba75ee\">kunst &amp; \u00f6kologie, kunst &amp; gemeinschaft <\/a><\/div>\n\n\n\n<div class=\"wp-block-button\"><a class=\"wp-block-button__link has-background-background-color has-text-color has-background wp-element-button\" href=\"https:\/\/klassefueralle.uni-ak.ac.at\/?page_id=9251\" style=\"color:#ad3107\">kooperationen<\/a><\/div>\n\n\n\n<div class=\"wp-block-button\"><a class=\"wp-block-button__link has-background-background-color has-text-color has-background has-link-color wp-element-button\" href=\"https:\/\/klassefueralle.uni-ak.ac.at\/?page_id=8338\" style=\"color:#ffb005\">jugend kooperationen<\/a><\/div>\n\n\n\n<div class=\"wp-block-button\"><a class=\"wp-block-button__link has-background-background-color has-text-color has-background wp-element-button\" href=\"https:\/\/klassefueralle.uni-ak.ac.at\/?page_id=7592\" style=\"color:#1896d0\">kollaborateur*innen<\/a><\/div>\n\n\n\n<div class=\"wp-block-button\"><a class=\"wp-block-button__link has-primary-color has-background-background-color has-text-color has-background wp-element-button\" href=\"https:\/\/klassefueralle.uni-ak.ac.at\/?page_id=387\">INFO<\/a><\/div>\n\n\n\n<div class=\"wp-block-button\"><a class=\"wp-block-button__link has-primary-color has-background-background-color has-text-color has-background wp-element-button\" href=\"https:\/\/klassefueralle.uni-ak.ac.at\/?page_id=7646\">archiv<\/a><\/div>\n\n\n\n<div class=\"wp-block-button is-style-fill\"><a class=\"wp-block-button__link has-primary-color has-background-background-color has-text-color has-background wp-element-button\" href=\"https:\/\/www.dieangewandte.at\/\">angewandte<\/a><\/div>\n\n\n\n<div class=\"wp-block-button\"><a class=\"wp-block-button__link has-primary-color has-background-background-color has-text-color has-background wp-element-button\" href=\"https:\/\/klassefueralle.uni-ak.ac.at\/?page_id=789\">en<\/a><\/div>\n<\/div>\n\n\n\n<figure class=\"wp-block-image size-large\"><img decoding=\"async\" src=\"https:\/\/klassefueralle.uni-ak.ac.at\/wp-content\/uploads\/2023\/05\/blank-1200x70-1.jpg\" alt=\"\"\/><\/figure>\n\n\n\n<p class=\"has-text-align-left has-foreground-color has-text-color has-link-color wp-elements-9cd1012ca1a5c2a45826d215c113ef79\"><strong>ANMELDUNG ZUM <span class=\"tadv-background-color\" style=\"background-color:#ffffff\">NEWSLETTER <\/span><em><a href=\"https:\/\/uni-ak.us10.list-manage.com\/subscribe?u=c731ebf3d0808ee1c28de71cc&amp;id=5445643b26\" data-type=\"link\" data-id=\"https:\/\/uni-ak.us10.list-manage.com\/subscribe?u=c731ebf3d0808ee1c28de71cc&amp;id=5445643b26\">HIER<\/a><\/em><\/strong><\/p>\n\n\n\n<p class=\"has-primary-color has-background-background-color has-text-color has-background has-link-color wp-elements-47c2aef0027cacfd6e1cae972621fc66\"><strong>TEILNAHME AM PROGRAMM<\/strong><br>Sommersemester 2026<\/p>\n\n\n\n<p class=\"has-primary-color has-background-background-color has-text-color has-background has-link-color wp-elements-14b805ba7551d5b6da86d28a891d22c3\"><strong>ANMELDUNG<\/strong><br>Sowohl f\u00fcr einzelne Veranstaltungen als auch f\u00fcr den Kurs im Rahmen des Semesters bitten wir um Anmeldung an <strong>klassefueralle@uni-ak.ac.at<\/strong><br><br>Wenn Sie Teil des COMPOST COLLECTIVE werden m\u00f6chten (aktive Teilnahme an der Kompostbetreuung, regelm\u00e4\u00dfige Teilnahme an den Komposttagen w\u00e4hrend des gesamten Semesters, Mithilfe bei der Durchf\u00fchrung der Komposttage), senden Sie uns eine email an <strong>klassefueralle@uni-ak.ac.at<\/strong> und\/oder kommen Sie zu unserem ersten Fr\u00fchlings Komposttag am 20. M\u00e4rz 2026.<br><br><a href=\"https:\/\/klassefueralle.uni-ak.ac.at\/?page_id=9556\" data-type=\"link\" data-id=\"https:\/\/klassefueralle.uni-ak.ac.at\/?page_id=9556\">Kompost f\u00fcttern<\/a><\/p>\n\n\n\n<figure class=\"wp-block-image size-large\"><img decoding=\"async\" src=\"https:\/\/klassefueralle.uni-ak.ac.at\/wp-content\/uploads\/2023\/05\/blank-1200x70-1.jpg\" alt=\"\"\/><\/figure>\n\n\n\n<p><strong>KOSTEN<\/strong><br>Die Teilnahme an den KOMPOST TAGEN und am DEEP GARDENING ist kostenlos. <\/p>\n\n\n\n<p><strong>SEMESTERKURS <br>KUNST &amp; \u00d6KOLOGIE, KUNST &amp; GEMEINSCHAFT<\/strong><br>Au\u00dferordentliche Studierende (Mitbeleger:innen), die an der\u00a0<a href=\"https:\/\/www.dieangewandte.at\/finanzielles\" target=\"_blank\" rel=\"noreferrer noopener\">Universit\u00e4t f\u00fcr angewandte Kunst Wien<\/a>\u00a0einzelne Lehrveranstaltungen besuchen, zahlen einen fixen Beitrag von \u20ac 388,56 pro Semester. Dieser Betrag setzt sich aus \u20ac 363,36 Studienbeitrag und \u20ac 25,20 \u00d6H-Beitrag zusammen und ist unabh\u00e4ngig von der Staatsangeh\u00f6rigkeit.<br>Wir schreiben im Rahmen der Klasse f\u00fcr Alle 3 Vollstipendien (\u20ac 0) und 3 Solidarstipendien aus (\u20ac 50). Bewerbungen mit kurzem Motivationsschreiben bitte an <strong>klassefueralle@uni-ak.ac.at<\/strong><\/p>\n\n\n\n<figure class=\"wp-block-image size-large\"><img decoding=\"async\" src=\"https:\/\/klassefueralle.uni-ak.ac.at\/wp-content\/uploads\/2023\/05\/blank-1200x70-1.jpg\" alt=\"\"\/><\/figure>\n\n\n\n<p><strong>ORTE \/ R\u00c4UME<\/strong><\/p>\n\n\n\n<p><strong>Studio der Klasse f\u00fcr Alle<\/strong><br>Universit\u00e4t f\u00fcr angewandte Kunst Wien<br>Expositur Heiligenkreuzerhof<br>A-1010 Wien,\u2028Eingang Sch\u00f6nlaterngasse 5 und dann links, oder Grashofgasse 3 und dann rechts<br>in den kleinen Hof \/ Stiege 8 \/ Erdgescho\u00df<\/p>\n\n\n\n<p><strong>Kompostgarten<\/strong><br>im Garten\/Hof des Hauptgeb\u00e4udes der Angewandten<br>A-1010 Wien, Oskar-Kokoschka-Platz 2<\/p>\n\n\n\n<figure class=\"wp-block-image size-large\"><img decoding=\"async\" src=\"https:\/\/klassefueralle.uni-ak.ac.at\/wp-content\/uploads\/2023\/05\/blank-1200x70-1.jpg\" alt=\"\"\/><\/figure>\n\n\n\n<p><\/p>\n\n\n\n<figure class=\"wp-block-image size-large\"><img decoding=\"async\" src=\"https:\/\/klassefueralle.uni-ak.ac.at\/wp-content\/uploads\/2023\/05\/blank-1200x70-1.jpg\" alt=\"\"\/><\/figure>\n\n\n\n<p class=\"has-text-align-left\"><strong>KONTAKT<\/strong><\/p>\n\n\n\n<p class=\"has-text-align-left\"><br><em><strong>Klasse f\u00fcr Alle<\/strong><\/em><br>Weiterbildung f\u00fcr Alle<br>Universit\u00e4t f\u00fcr angewandte Kunst Wien<br>Heiligenkreuzerhof, Kleiner Hof Stiege 8 \/ Erdgescho\u00df<br>Eingang Grashofgasse 3 oder&nbsp;Sch\u00f6nlaterngasse 5, 1010 Wien<br><strong>e-mail<\/strong>&nbsp;klassefueralle@uni-ak.ac.at <br><strong>phone<\/strong>&nbsp;+43 1 71133 3545<br><strong>instagram<\/strong> <a href=\"https:\/\/www.instagram.com\/klassefueralle\/\" data-type=\"link\" data-id=\"https:\/\/www.instagram.com\/klassefueralle\/\">@klassefueralle<\/a> @compostcollective_kfa<\/p>\n\n\n\n<figure class=\"wp-block-image size-large\"><img decoding=\"async\" src=\"https:\/\/klassefueralle.uni-ak.ac.at\/wp-content\/uploads\/2023\/05\/blank-1200x70-1.jpg\" alt=\"\"\/><\/figure>\n\n\n\n<p class=\"has-text-align-left\"><strong>TEAM<\/strong><\/p>\n\n\n\n<p><strong>Leitung, Programm, Organisation, Website<\/strong> Andrea Lumplecker<br>andrea.lumplecker@uni-ak.ac.at<br><strong>Support \/ Social Media \/ Visualisations <\/strong>Ivie Isibor<br>ivie.isibor@uni-ak.ac.at<br><strong>\u00d6ffentlichkeitsarbeit &amp; Jugendprogramme \/ support<\/strong> Ritger Traag<br>ritger.traag@uni-ak.ac.at<br><strong>Kompost Tage Programm &amp; Organisation<\/strong> Vik Bayer, Andrea Lumplecker<br><strong>Compost care \/ Facilitation &amp; Support <\/strong>Oleksa Shevchenko, Raphaela Leitner<br><strong>Logo Design<\/strong> Luna Al-Mousli<\/p>\n\n\n\n<figure class=\"wp-block-image size-large is-resized\"><img decoding=\"async\" src=\"https:\/\/klassefueralle.uni-ak.ac.at\/wp-content\/uploads\/2023\/05\/blank-1200x70-1.jpg\" alt=\"\" style=\"width:620px;height:36px\"\/><\/figure>\n\n\n\n<p><strong>BARRIEREFREIHEIT<\/strong><\/p>\n\n\n\n<p>f\u00fcr die Geb\u00e4ude der Angewandten siehe <a href=\"https:\/\/www.dieangewandte.at\/barrierefrei\" data-type=\"URL\" data-id=\"https:\/\/www.dieangewandte.at\/barrierefrei\" target=\"_blank\" rel=\"noreferrer noopener\">hier<\/a><br>Der Innenhof\/Garten im Hauptgeb\u00e4ude am Oskar Kokoschka Platz hat barrierefreien Zugang.<br>Unser Atelier im Heiligenkreuzerhof ist leider nicht barrierefrei zug\u00e4nglich. F\u00fcr einen Zugang bitten wir, uns im Voraus zu kontaktieren.<\/p>\n\n\n\n<figure class=\"wp-block-image size-large is-resized\"><img decoding=\"async\" src=\"https:\/\/klassefueralle.uni-ak.ac.at\/wp-content\/uploads\/2023\/05\/blank-1200x70-1.jpg\" alt=\"\" style=\"width:620px;height:36px\"\/><\/figure>\n\n\n\n<p class=\"has-text-align-left\"><strong>IMPRESSUM<\/strong>&nbsp;<\/p>\n\n\n\n<p class=\"has-text-align-left\">F\u00fcr den Inhalt verantwortlich:&nbsp;<em>Klasse f\u00fcr Alle<\/em>, 2022<br>Haftung und Copyright:&nbsp;S\u00e4mtliche Texte auf der Homepage der&nbsp;<em>Klasse f\u00fcr Alle<\/em>&nbsp;der Universit\u00e4t f\u00fcr angewandte Kunst Wien wurden sorgf\u00e4ltig gepr\u00fcft. Dessen ungeachtet kann keine Garantie f\u00fcr die Richtigkeit, Vollst\u00e4ndigkeit und Aktualit\u00e4t der Angaben \u00fcbernommen werden. Eine Haftung der Universit\u00e4t f\u00fcr angewandte Kunst Wien wird daher ausgeschlossen. Die Links zu anderen Webseiten wurden sorgf\u00e4ltig ausgew\u00e4hlt. Da die Universit\u00e4t f\u00fcr angewandte Kunst Wien auf deren Inhalt keinen Einfluss hat, \u00fcbernimmt die Universit\u00e4t f\u00fcr angewandte Kunst Wien daf\u00fcr keine Verantwortung. F\u00fcr den Inhalt der verlinkten Webseiten sind ausschlie\u00dflich die jeweilige Anbieter:innen verantwortlich.&nbsp;Das Copyright liegt bei der <em>Klasse f\u00fcr Alle<\/em>,&nbsp;Universit\u00e4t f\u00fcr angewandte Kunst Wien bzw. den jeweiligen Autor:innen und K\u00fcnstler:innen.&nbsp;Die Erstellung, Verwendung und die nicht kommerzielle Weitergabe von Kopien in elektronischer oder ausgedruckter Form sind erlaubt, wenn der Inhalt unver\u00e4ndert bleibt und die Quelle angegeben wird&nbsp;(Quelle:&nbsp;<em>Klasse f\u00fcr Alle<\/em>, Universit\u00e4t f\u00fcr angewandte Kunst Wien).<\/p>\n\n\n\n<figure class=\"wp-block-image size-large is-resized\"><img decoding=\"async\" src=\"https:\/\/klassefueralle.uni-ak.ac.at\/wp-content\/uploads\/2023\/05\/blank-1200x70-1.jpg\" alt=\"\" style=\"width:620px;height:36px\"\/><\/figure>\n\n\n\n<figure class=\"wp-block-image size-large is-resized\"><img decoding=\"async\" src=\"https:\/\/klassefueralle.uni-ak.ac.at\/wp-content\/uploads\/2023\/05\/blank-1200x70-1.jpg\" alt=\"\" style=\"width:620px;height:36px\"\/><\/figure>\n\n\n\n<figure class=\"wp-block-image size-large is-resized\"><img decoding=\"async\" src=\"https:\/\/klassefueralle.uni-ak.ac.at\/wp-content\/uploads\/2023\/05\/blank-1200x70-1.jpg\" alt=\"\" style=\"width:620px;height:36px\"\/><\/figure>\n\n\n\n<figure class=\"wp-block-image size-large is-resized\"><img decoding=\"async\" src=\"https:\/\/klassefueralle.uni-ak.ac.at\/wp-content\/uploads\/2023\/05\/blank-1200x70-1.jpg\" alt=\"\" style=\"width:620px;height:36px\"\/><\/figure>\n\n\n\n<figure class=\"wp-block-image size-large is-resized\"><img decoding=\"async\" src=\"https:\/\/klassefueralle.uni-ak.ac.at\/wp-content\/uploads\/2023\/05\/blank-1200x70-1.jpg\" alt=\"\" style=\"width:620px;height:36px\"\/><\/figure>\n\n\n\n<figure class=\"wp-block-image size-large is-resized\"><img decoding=\"async\" src=\"https:\/\/klassefueralle.uni-ak.ac.at\/wp-content\/uploads\/2023\/05\/blank-1200x70-1.jpg\" alt=\"\" style=\"width:620px;height:36px\"\/><\/figure>\n\n\n\n<figure class=\"wp-block-image size-large is-resized\"><img decoding=\"async\" src=\"https:\/\/klassefueralle.uni-ak.ac.at\/wp-content\/uploads\/2023\/05\/blank-1200x70-1.jpg\" alt=\"\" style=\"width:620px;height:36px\"\/><\/figure>\n\n\n\n<figure class=\"wp-block-image size-large is-resized\"><img decoding=\"async\" src=\"https:\/\/klassefueralle.uni-ak.ac.at\/wp-content\/uploads\/2023\/05\/blank-1200x70-1.jpg\" alt=\"\" style=\"width:620px;height:36px\"\/><\/figure>\n\n\n\n<figure class=\"wp-block-image size-large is-resized\"><img decoding=\"async\" src=\"https:\/\/klassefueralle.uni-ak.ac.at\/wp-content\/uploads\/2023\/05\/blank-1200x70-1.jpg\" alt=\"\" style=\"width:620px;height:36px\"\/><\/figure>\n","protected":false},"excerpt":{"rendered":"<p>ANMELDUNG ZUM NEWSLETTER HIER TEILNAHME AM PROGRAMMSommersemester 2026 ANMELDUNGSowohl f\u00fcr einzelne Veranstaltungen als auch f\u00fcr den Kurs im Rahmen des Semesters bitten wir um Anmeldung an klassefueralle@uni-ak.ac.at Wenn Sie Teil<a class=\"more-link\" href=\"https:\/\/klassefueralle.uni-ak.ac.at\/?page_id=387\">Continue reading <span class=\"screen-reader-text\">&#8220;INFO DE&#8221;<\/span><\/a><\/p>\n","protected":false},"author":1,"featured_media":0,"parent":0,"menu_order":0,"comment_status":"closed","ping_status":"closed","template":"","meta":{"footnotes":""},"class_list":["post-387","page","type-page","status-publish","hentry","entry"],"_links":{"self":[{"href":"https:\/\/klassefueralle.uni-ak.ac.at\/index.php?rest_route=\/wp\/v2\/pages\/387","targetHints":{"allow":["GET"]}}],"collection":[{"href":"https:\/\/klassefueralle.uni-ak.ac.at\/index.php?rest_route=\/wp\/v2\/pages"}],"about":[{"href":"https:\/\/klassefueralle.uni-ak.ac.at\/index.php?rest_route=\/wp\/v2\/types\/page"}],"author":[{"embeddable":true,"href":"https:\/\/klassefueralle.uni-ak.ac.at\/index.php?rest_route=\/wp\/v2\/users\/1"}],"replies":[{"embeddable":true,"href":"https:\/\/klassefueralle.uni-ak.ac.at\/index.php?rest_route=%2Fwp%2Fv2%2Fcomments&post=387"}],"version-history":[{"count":198,"href":"https:\/\/klassefueralle.uni-ak.ac.at\/index.php?rest_route=\/wp\/v2\/pages\/387\/revisions"}],"predecessor-version":[{"id":9833,"href":"https:\/\/klassefueralle.uni-ak.ac.at\/index.php?rest_route=\/wp\/v2\/pages\/387\/revisions\/9833"}],"wp:attachment":[{"href":"https:\/\/klassefueralle.uni-ak.ac.at\/index.php?rest_route=%2Fwp%2Fv2%2Fmedia&parent=387"}],"curies":[{"name":"wp","href":"https:\/\/api.w.org\/{rel}","templated":true}]}}